{"id":727,"date":"2015-01-03T12:32:17","date_gmt":"2015-01-03T11:32:17","guid":{"rendered":"https:\/\/www.angelsandimas.com\/project\/gernika-short-film\/"},"modified":"2026-07-09T15:30:24","modified_gmt":"2026-07-09T13:30:24","slug":"gernika-short-film","status":"publish","type":"project","link":"https:\/\/www.angelsandimas.com\/es\/project\/gernika-short-film\/","title":{"rendered":"GERNIKA \u00b7 Cortometraje"},"content":{"rendered":"<p><iframe loading=\"lazy\" title=\"Cortometraje Gernika\" src=\"https:\/\/player.vimeo.com\/video\/43549025?dnt=1&amp;app_id=122963\" width=\"1080\" height=\"608\" frameborder=\"0\" allow=\"autoplay; fullscreen; picture-in-picture; clipboard-write; encrypted-media; web-share\" referrerpolicy=\"strict-origin-when-cross-origin\"><\/iframe><\/p>\n<p><strong>DESCRIPCI\u00d3N DEL PROYECTO<\/strong><\/p>\n<p>Cortometraje de animaci\u00f3n<\/p>\n<p><strong>M\u00c1S DETALLES DEL CORTOMETRAJE<\/strong><\/p>\n<p>El cortometraje de animaci\u00f3n \u00abGernika\u00bb tuvo como punto de partida la reconstrucci\u00f3n en 3D de la obra pict\u00f3rica \u00abGernika\u00bb, de Jos\u00e9 Luis Zumeta. La idea evolucion\u00f3 hasta plantear la posibilidad de animar los elementos extra\u00eddos del cuadro e incorporar como banda sonora \u00abGernika\u00bb, de su buen amigo Mikel Laboa. As\u00ed fue como tom\u00f3 la forma de un cortometraje. El proceso de elaboraci\u00f3n del guion, la b\u00fasqueda de financiaci\u00f3n y la producci\u00f3n se prolong\u00f3 de forma intermitente durante cuatro a\u00f1os, hasta el d\u00eda de su estreno en el Teatro Victoria Eugenia, coincidiendo con el 75.\u00ba aniversario del bombardeo de Gernika.<\/p>\n<p><strong>SInopsis<\/strong><\/p>\n<p>El bombardeo de Gernika y las obras que Jos\u00e9 Luis Zumeta y Mikel Laboa crearon para evocar aquellos acontecimientos se unen y cobran vida para dar origen a este documento animado. Gernika, lunes 26 de abril de 1937. D\u00eda de mercado\u2026 Nada hace presagiar que la rutina cotidiana est\u00e9 a punto de verse brutalmente interrumpida. Sin embargo, ya est\u00e1 en marcha la preparaci\u00f3n de una terrible ofensiva, un ataque maquiav\u00e9lico que marcar\u00e1 para siempre la historia de Gernika.<\/p>\n<p><a href=\"https:\/\/www.angelsandimas.com\/wp-content\/uploads\/2026\/07\/post-Gernika-AngelSandimas.jpg\"><img loading=\"lazy\" decoding=\"async\" class=\"aligncenter wp-image-413 size-full\" src=\"https:\/\/www.angelsandimas.com\/wp-content\/uploads\/2026\/07\/post-Gernika-AngelSandimas.jpg\" alt=\"\" width=\"1024\" height=\"683\" srcset=\"https:\/\/www.angelsandimas.com\/wp-content\/uploads\/2026\/07\/post-Gernika-AngelSandimas.jpg 1024w, https:\/\/www.angelsandimas.com\/wp-content\/uploads\/2026\/07\/post-Gernika-AngelSandimas-980x654.jpg 980w, https:\/\/www.angelsandimas.com\/wp-content\/uploads\/2026\/07\/post-Gernika-AngelSandimas-480x320.jpg 480w\" sizes=\"(min-width: 0px) and (max-width: 480px) 480px, (min-width: 481px) and (max-width: 980px) 980px, (min-width: 981px) 1024px, 100vw\" \/><\/a><\/p>\n","protected":false},"excerpt":{"rendered":"<p>DESCRIPCI\u00d3N DEL PROYECTO Cortometraje de animaci\u00f3n M\u00c1S DETALLES DEL CORTOMETRAJE El cortometraje de animaci\u00f3n \u00abGernika\u00bb tuvo como punto de partida la reconstrucci\u00f3n en 3D de la obra pict\u00f3rica \u00abGernika\u00bb, de Jos\u00e9 Luis Zumeta. La idea evolucion\u00f3 hasta plantear la posibilidad de animar los elementos extra\u00eddos del cuadro e incorporar como banda sonora \u00abGernika\u00bb, de su [&hellip;]<\/p>\n","protected":false},"author":1,"featured_media":728,"comment_status":"open","ping_status":"closed","template":"","meta":{"footnotes":""},"project_category":[31,30],"project_tag":[],"class_list":["post-727","project","type-project","status-publish","has-post-thumbnail","hentry","project_category-cine-vfx","project_category-destacados"],"_links":{"self":[{"href":"https:\/\/www.angelsandimas.com\/es\/wp-json\/wp\/v2\/project\/727","targetHints":{"allow":["GET"]}}],"collection":[{"href":"https:\/\/www.angelsandimas.com\/es\/wp-json\/wp\/v2\/project"}],"about":[{"href":"https:\/\/www.angelsandimas.com\/es\/wp-json\/wp\/v2\/types\/project"}],"author":[{"embeddable":true,"href":"https:\/\/www.angelsandimas.com\/es\/wp-json\/wp\/v2\/users\/1"}],"replies":[{"embeddable":true,"href":"https:\/\/www.angelsandimas.com\/es\/wp-json\/wp\/v2\/comments?post=727"}],"version-history":[{"count":1,"href":"https:\/\/www.angelsandimas.com\/es\/wp-json\/wp\/v2\/project\/727\/revisions"}],"predecessor-version":[{"id":745,"href":"https:\/\/www.angelsandimas.com\/es\/wp-json\/wp\/v2\/project\/727\/revisions\/745"}],"wp:featuredmedia":[{"embeddable":true,"href":"https:\/\/www.angelsandimas.com\/es\/wp-json\/wp\/v2\/media\/728"}],"wp:attachment":[{"href":"https:\/\/www.angelsandimas.com\/es\/wp-json\/wp\/v2\/media?parent=727"}],"wp:term":[{"taxonomy":"project_category","embeddable":true,"href":"https:\/\/www.angelsandimas.com\/es\/wp-json\/wp\/v2\/project_category?post=727"},{"taxonomy":"project_tag","embeddable":true,"href":"https:\/\/www.angelsandimas.com\/es\/wp-json\/wp\/v2\/project_tag?post=727"}],"curies":[{"name":"wp","href":"https:\/\/api.w.org\/{rel}","templated":true}]}}